{"id":10453,"date":"2021-08-02T18:36:53","date_gmt":"2021-08-02T16:36:53","guid":{"rendered":"https:\/\/www.hms-luebeck.de\/?page_id=10453"},"modified":"2021-08-03T14:49:47","modified_gmt":"2021-08-03T12:49:47","slug":"ebevveyn-isi","status":"publish","type":"page","link":"https:\/\/www.hms-luebeck.de\/tr\/okul\/ebevveyn-isi\/","title":{"rendered":"Ebevveyn i\u015fi"},"content":{"rendered":"<div class=\"wpb-content-wrapper\"><p>[vc_row type=&#8221;grid&#8221; video_bg=&#8221;&#8221; is_fss_bg=&#8221;no&#8221; fss_style=&#8221;purple&#8221; fss_meshambient=&#8221;#555555&#8243; fss_meshdiffuse=&#8221;#ffffff&#8221; fss_lightambient=&#8221;#880066&#8243; fss_lightdiffuse=&#8221;#ff8800&#8243; css=&#8221;.vc_custom_1435738343682{padding-left: 6px !important;}&#8221;][vc_column dp_animation=&#8221;&#8221; css=&#8221;.vc_custom_1435737831912{padding-left: 10px !important;}&#8221;]<div class=\"headline  \"><h3><span>Okul aile birli\u011fi<\/span><\/h3><\/div>[vc_column_text dp_animation=&#8221;&#8221;]Okul aile birli\u011fi, s\u0131n\u0131f veli temsilciliklerinin se\u00e7ilmi\u015f temsilcilerinden olu\u015fur. Okul ile ebeveynler aras\u0131ndaki etkile\u015fimde veli temsilciliklerinin \u00e7al\u0131\u015fmalar\u0131n\u0131 destekler. Okul aile birli\u011fi, bir \u00f6\u011fretim y\u0131l\u0131 i\u00e7erisinde \u00e7al\u0131\u015fmalar\u0131 hakk\u0131nda \u00f6\u011fretmenler kurulunu bir kez bilgilendirmelidir.<\/p>\n<p>\u015eu anda okul aile birli\u011fi ba\u015fkan\u0131m\u0131z Bay Mirco Bischoff&#8217;tur.<\/p>\n<p>Kendisine a\u015fa\u011f\u0131daki telefon numaras\u0131ndan: 0 45 1 \/ 9 69 05 10<\/p>\n<p>veya e-posta ile ula\u015fabilirsiniz:\u00a0<a href=\"mailto:mirco.bischoff@travedsl.de\">mirco.bischoff@travedsl.de<\/a>[\/vc_column_text]<div style=\"height:40px; width:100%;clear:both\"><\/div>[\/vc_column][\/vc_row][vc_row type=&#8221;grid&#8221; video_bg=&#8221;&#8221;][vc_column dp_animation=&#8221;&#8221;][vc_column_text dp_animation=&#8221;&#8221;]<strong>Der Klassenelternbeirat<\/strong><\/p>\n<p>In jeder Klasse wird ein Elternbeirat f\u00fcr zwei Jahre gew\u00e4hlt. Dieser k\u00fcmmert sich um die Anliegen der Elternschaft, beruft Elternabende ein oder tr\u00e4gt besagte Elternanliegen an die Klassenleitung heran.<\/p>\n<p><strong>Der Schulelternbeirat<\/strong><\/p>\n<p>Der Schulelternbeirat wird gew\u00e4hlt. Er besteht aus je einem gew\u00e4hlten Mitglied des Klassenelternbeirats und wird aus dessen Mitte gew\u00e4hlt.<\/p>\n<ul>\n<li>Der Schulelternbeirat ist ein wichtiges Bindeglied zwischen Eltern, Sch\u00fclern, Schulleitung und Lehrern.<\/li>\n<li>Er hat die Aufgabe, die Elternbeir\u00e4te der Klassen zu unterst\u00fctzen.<\/li>\n<li>Der Vorstand, die Klassenelternbeir\u00e4te oder deren Vertreterinnen treffen sich in der Regel zwei Mal im Schuljahr zur gemeinsamen Beratung.<\/li>\n<\/ul>\n<p>[\/vc_column_text][\/vc_column][\/vc_row]<\/p>\n<\/div>","protected":false},"excerpt":{"rendered":"<p>[vc_row type=&#8221;grid&#8221; video_bg=&#8221;&#8221; is_fss_bg=&#8221;no&#8221; fss_style=&#8221;purple&#8221; fss_meshambient=&#8221;#555555&#8243; fss_meshdiffuse=&#8221;#ffffff&#8221; fss_lightambient=&#8221;#880066&#8243; fss_lightdiffuse=&#8221;#ff8800&#8243; css=&#8221;.vc_custom_1435738343682{padding-left: 6px !important;}&#8221;][vc_column dp_animation=&#8221;&#8221; css=&#8221;.vc_custom_1435737831912{padding-left: 10px !important;}&#8221;][vc_column_text dp_animation=&#8221;&#8221;]Okul aile birli\u011fi, s\u0131n\u0131f veli temsilciliklerinin se\u00e7ilmi\u015f temsilcilerinden olu\u015fur. <p><a class=\"readon\" href=\"https:\/\/www.hms-luebeck.de\/tr\/okul\/ebevveyn-isi\/\"><span>Mehr lesen<\/span><\/a><\/p><\/p>\n","protected":false},"author":10,"featured_media":0,"parent":9646,"menu_order":0,"comment_status":"closed","ping_status":"closed","template":"template.threequarterwidth.php","meta":{"footnotes":""},"class_list":["post-10453","page","type-page","status-publish","hentry"],"_links":{"self":[{"href":"https:\/\/www.hms-luebeck.de\/tr\/wp-json\/wp\/v2\/pages\/10453","targetHints":{"allow":["GET"]}}],"collection":[{"href":"https:\/\/www.hms-luebeck.de\/tr\/wp-json\/wp\/v2\/pages"}],"about":[{"href":"https:\/\/www.hms-luebeck.de\/tr\/wp-json\/wp\/v2\/types\/page"}],"author":[{"embeddable":true,"href":"https:\/\/www.hms-luebeck.de\/tr\/wp-json\/wp\/v2\/users\/10"}],"replies":[{"embeddable":true,"href":"https:\/\/www.hms-luebeck.de\/tr\/wp-json\/wp\/v2\/comments?post=10453"}],"version-history":[{"count":3,"href":"https:\/\/www.hms-luebeck.de\/tr\/wp-json\/wp\/v2\/pages\/10453\/revisions"}],"predecessor-version":[{"id":10884,"href":"https:\/\/www.hms-luebeck.de\/tr\/wp-json\/wp\/v2\/pages\/10453\/revisions\/10884"}],"up":[{"embeddable":true,"href":"https:\/\/www.hms-luebeck.de\/tr\/wp-json\/wp\/v2\/pages\/9646"}],"wp:attachment":[{"href":"https:\/\/www.hms-luebeck.de\/tr\/wp-json\/wp\/v2\/media?parent=10453"}],"curies":[{"name":"wp","href":"https:\/\/api.w.org\/{rel}","templated":true}]}}