{"id":10231,"date":"2021-08-02T16:17:44","date_gmt":"2021-08-02T14:17:44","guid":{"rendered":"https:\/\/www.hms-luebeck.de\/?page_id=10231"},"modified":"2021-08-04T15:45:50","modified_gmt":"2021-08-04T13:45:50","slug":"takim","status":"publish","type":"page","link":"https:\/\/www.hms-luebeck.de\/tr\/ortaokul\/takim\/","title":{"rendered":"Takim"},"content":{"rendered":"<div class=\"wpb-content-wrapper\"><p>[vc_row type=&#8221;grid&#8221; video_bg=&#8221;&#8221;][vc_column dp_animation=&#8221;&#8221;]<div class=\"headline  \"><h3><span>Ekip<\/span><\/h3><\/div>[vc_column_text dp_animation=&#8221;&#8221;]Karma e\u011fitim okulu \u00f6\u011fretmenlerinden olu\u015fan daimi ekip, t\u00fcm temel konular\u0131, \u0130ngilizce ve Frans\u0131zca yabanc\u0131 dillerini ve t\u00fcm zorunlu se\u00e7meli dersleri (teknoloji, t\u00fcketici e\u011fitimi, Frans\u0131zca, bili\u015fim, tekstil i\u015fleme) kapsayan 27 \u00e7al\u0131\u015fandan olu\u015fmaktad\u0131r.<\/p>\n<p>Karma e\u011fitim okulunun \u00f6\u011fretmenleri, s\u0131n\u0131f ekipleri halinde organize olurlar. D\u00fczenli dan\u0131\u015fmalar, burada da ola\u011fan bir uygulamad\u0131r. Buna ek olarak, orta \u00f6\u011fretim 1. basama\u011f\u0131n\u0131n t\u00fcm konular\u0131n\u0131n ortakla\u015fa dan\u0131\u015f\u0131ld\u0131\u011f\u0131 ve kararlar\u0131n al\u0131nd\u0131\u011f\u0131 her \u00f6\u011fretim y\u0131l\u0131 ba\u015f\u0131na d\u00f6rt ayr\u0131 karma e\u011fitim okulu d\u00fczeyinde konferans d\u00fczenlenmektedir.[\/vc_column_text][\/vc_column][\/vc_row]<\/p>\n<\/div>","protected":false},"excerpt":{"rendered":"<p>[vc_row type=&#8221;grid&#8221; video_bg=&#8221;&#8221;][vc_column dp_animation=&#8221;&#8221;][vc_column_text dp_animation=&#8221;&#8221;]Karma e\u011fitim okulu \u00f6\u011fretmenlerinden olu\u015fan daimi ekip, t\u00fcm temel konular\u0131, \u0130ngilizce ve Frans\u0131zca yabanc\u0131 dillerini ve t\u00fcm zorunlu se\u00e7meli dersleri (teknoloji, <p><a class=\"readon\" href=\"https:\/\/www.hms-luebeck.de\/tr\/ortaokul\/takim\/\"><span>Mehr lesen<\/span><\/a><\/p><\/p>\n","protected":false},"author":10,"featured_media":10217,"parent":9672,"menu_order":0,"comment_status":"closed","ping_status":"closed","template":"template.threequarterwidth.php","meta":{"footnotes":""},"class_list":["post-10231","page","type-page","status-publish","has-post-thumbnail","hentry"],"_links":{"self":[{"href":"https:\/\/www.hms-luebeck.de\/tr\/wp-json\/wp\/v2\/pages\/10231","targetHints":{"allow":["GET"]}}],"collection":[{"href":"https:\/\/www.hms-luebeck.de\/tr\/wp-json\/wp\/v2\/pages"}],"about":[{"href":"https:\/\/www.hms-luebeck.de\/tr\/wp-json\/wp\/v2\/types\/page"}],"author":[{"embeddable":true,"href":"https:\/\/www.hms-luebeck.de\/tr\/wp-json\/wp\/v2\/users\/10"}],"replies":[{"embeddable":true,"href":"https:\/\/www.hms-luebeck.de\/tr\/wp-json\/wp\/v2\/comments?post=10231"}],"version-history":[{"count":4,"href":"https:\/\/www.hms-luebeck.de\/tr\/wp-json\/wp\/v2\/pages\/10231\/revisions"}],"predecessor-version":[{"id":10971,"href":"https:\/\/www.hms-luebeck.de\/tr\/wp-json\/wp\/v2\/pages\/10231\/revisions\/10971"}],"up":[{"embeddable":true,"href":"https:\/\/www.hms-luebeck.de\/tr\/wp-json\/wp\/v2\/pages\/9672"}],"wp:featuredmedia":[{"embeddable":true,"href":"https:\/\/www.hms-luebeck.de\/tr\/wp-json\/wp\/v2\/media\/10217"}],"wp:attachment":[{"href":"https:\/\/www.hms-luebeck.de\/tr\/wp-json\/wp\/v2\/media?parent=10231"}],"curies":[{"name":"wp","href":"https:\/\/api.w.org\/{rel}","templated":true}]}}