{"id":10254,"date":"2021-08-02T16:20:37","date_gmt":"2021-08-02T14:20:37","guid":{"rendered":"https:\/\/www.hms-luebeck.de\/?page_id=10254"},"modified":"2021-08-04T16:13:02","modified_gmt":"2021-08-04T14:13:02","slug":"%d0%b3%d0%b8%d0%b1%d0%ba%d0%b8%d0%b5-%d0%b7%d0%b0%d0%bd%d1%8f%d1%82%d0%b8%d1%8f","status":"publish","type":"page","link":"https:\/\/www.hms-luebeck.de\/ru\/%d1%81%d1%80%d0%b5%d0%b4%d0%bd%d1%8f%d1%8f-%d1%88%d0%ba%d0%be%d0%bb%d0%b0\/%d0%b3%d0%b8%d0%b1%d0%ba%d0%b8%d0%b5-%d0%b7%d0%b0%d0%bd%d1%8f%d1%82%d0%b8%d1%8f\/","title":{"rendered":"\u0413\u0438\u0431\u043a\u0438\u0435 \u0437\u0430\u043d\u044f\u0442\u0438\u044f"},"content":{"rendered":"<div class=\"wpb-content-wrapper\"><p>[vc_row type=&#187;grid&#187; video_bg=&#187;&#187;][vc_column dp_animation=&#187;&#187;]<div class=\"headline  \"><h3><span>Flex-Klassen<\/span><\/h3><\/div>[vc_column_text dp_animation=&#187;&#187;]Die Heinrich-Mann-Schule bietet seit l\u00e4ngerem erfolgreich Klassen mit flexibler \u00dcbergangsphase (\u201eFlex-Klassen\u201c) an.<\/p>\n<p>Diese Ma\u00dfnahme ist f\u00fcr folgenden Personenkreis gedacht:<\/p>\n<p>&nbsp;<\/p>\n<ul>\n<li>Sch\u00fclerinnen und Sch\u00fcler, die besondere Lern- und Leistungsr\u00fcckst\u00e4nde haben und die deshalb mehr Zeit ben\u00f6tigen, um den Ersten Allgemeinbildenden Schulabschluss zu erreichen.<\/li>\n<li>Sch\u00fclerinnen und Sch\u00fcler, bei denen sonderp\u00e4dagogischer F\u00f6rderbedarf besteht, die aber verh\u00e4ltnism\u00e4\u00dfig leistungsstarke F\u00f6rdersch\u00fcler sind und bei denen zu erwarten ist, dass sie bei intensiver Unterst\u00fctzung den Ersten Allgemeinbildenden Schulabschluss erlangen k\u00f6nnen.<\/li>\n<\/ul>\n<p>Die flexible \u00dcbergangsphase umfasst 3 Schuljahre.<\/p>\n<p>Die Lerninhalte von Klasse 8 und 9 werden aufgeteilt. Am Ende der \u00dcbergangsphase, in Klasse 9+, absolvieren die Sch\u00fclerinnen und Sch\u00fcler die Pr\u00fcfungen zum Ersten Allgemeinbildenden Schulabschluss.<\/p>\n<p>Der Unterricht, auch der unterrichtliche Rahmen, ist so gestaltet, dass alle Sch\u00fclerinnen und Sch\u00fcler eine m\u00f6glichst individuelle F\u00f6rderung erhalten. Er ist konkret, praktisch und arbeitsweltbezogen. Er will ermutigen und Leistungsmotivation schaffen. Er wird durch Berufsorientierung, Berufspraktika sowie Werkstatttage erg\u00e4nzt.<\/p>\n<p>Die Lerngruppen sind klein. Die Klassenlehrkr\u00e4fte werden von Berufscoachs unterst\u00fctzt. Sie begleiten den Einstieg in die Berufsausbildung oder in die Ausbildungsvorbereitung nach dem Handlungskonzept PLuS (Praxis, Lebensplanung und Schule).<\/p>\n<p>Sch\u00fclerinnen und Sch\u00fcler, die an der Flex-Ma\u00dfnahme teilnehmen m\u00f6chten, m\u00fcssen sich um einen Schulplatz bewerben. Wir sind offen f\u00fcr Bewerberinnen und Bewerber aller L\u00fcbecker Schulen. Wir ben\u00f6tigen eine schriftliche, aussagekr\u00e4ftige Bewerbung. Sie soll nach dem Halbjahreszeugnis der Klasse 7 bei uns eingereicht werden. Es folgt ein Auswahlverfahren.[\/vc_column_text][\/vc_column][\/vc_row]<\/p>\n<\/div>","protected":false},"excerpt":{"rendered":"<p>[vc_row type=&#187;grid&#187; video_bg=&#187;&#187;][vc_column dp_animation=&#187;&#187;][vc_column_text dp_animation=&#187;&#187;]Die Heinrich-Mann-Schule bietet seit l\u00e4ngerem erfolgreich Klassen mit flexibler \u00dcbergangsphase (\u201eFlex-Klassen\u201c) an. Diese Ma\u00dfnahme ist f\u00fcr folgenden Personenkreis gedacht: &nbsp; Sch\u00fclerinnen <p><a class=\"readon\" href=\"https:\/\/www.hms-luebeck.de\/ru\/%d1%81%d1%80%d0%b5%d0%b4%d0%bd%d1%8f%d1%8f-%d1%88%d0%ba%d0%be%d0%bb%d0%b0\/%d0%b3%d0%b8%d0%b1%d0%ba%d0%b8%d0%b5-%d0%b7%d0%b0%d0%bd%d1%8f%d1%82%d0%b8%d1%8f\/\"><span>Mehr lesen<\/span><\/a><\/p><\/p>\n","protected":false},"author":10,"featured_media":0,"parent":9670,"menu_order":0,"comment_status":"closed","ping_status":"closed","template":"template.threequarterwidth.php","meta":{"footnotes":""},"class_list":["post-10254","page","type-page","status-publish","hentry"],"_links":{"self":[{"href":"https:\/\/www.hms-luebeck.de\/ru\/wp-json\/wp\/v2\/pages\/10254","targetHints":{"allow":["GET"]}}],"collection":[{"href":"https:\/\/www.hms-luebeck.de\/ru\/wp-json\/wp\/v2\/pages"}],"about":[{"href":"https:\/\/www.hms-luebeck.de\/ru\/wp-json\/wp\/v2\/types\/page"}],"author":[{"embeddable":true,"href":"https:\/\/www.hms-luebeck.de\/ru\/wp-json\/wp\/v2\/users\/10"}],"replies":[{"embeddable":true,"href":"https:\/\/www.hms-luebeck.de\/ru\/wp-json\/wp\/v2\/comments?post=10254"}],"version-history":[{"count":3,"href":"https:\/\/www.hms-luebeck.de\/ru\/wp-json\/wp\/v2\/pages\/10254\/revisions"}],"predecessor-version":[{"id":10997,"href":"https:\/\/www.hms-luebeck.de\/ru\/wp-json\/wp\/v2\/pages\/10254\/revisions\/10997"}],"up":[{"embeddable":true,"href":"https:\/\/www.hms-luebeck.de\/ru\/wp-json\/wp\/v2\/pages\/9670"}],"wp:attachment":[{"href":"https:\/\/www.hms-luebeck.de\/ru\/wp-json\/wp\/v2\/media?parent=10254"}],"curies":[{"name":"wp","href":"https:\/\/api.w.org\/{rel}","templated":true}]}}