{"id":10136,"date":"2021-08-02T14:01:24","date_gmt":"2021-08-02T12:01:24","guid":{"rendered":"https:\/\/www.hms-luebeck.de\/?page_id=10136"},"modified":"2021-08-04T16:44:56","modified_gmt":"2021-08-04T14:44:56","slug":"calodzienna-szkola","status":"publish","type":"page","link":"https:\/\/www.hms-luebeck.de\/pl\/oferty\/calodzienna-szkola\/","title":{"rendered":"ca\u0142odzienna szko\u0142a"},"content":{"rendered":"<div class=\"wpb-content-wrapper\"><p>[vc_row type=&#8221;grid&#8221; video_bg=&#8221;&#8221;][vc_column dp_animation=&#8221;&#8221;]<div class=\"headline  \"><h3><span>Offene Ganztagsschule<\/span><\/h3><\/div>[vc_column_text dp_animation=&#8221;&#8221;]\u201eGanztagsschulen haben mehr Zeit f\u00fcr Bildung \u2013 und das Potenzial, Sch\u00fclerinnen und Sch\u00fcler individuell zu f\u00f6rdern, damit sie erfolgreich lernen.\u201c<\/p>\n<p><img loading=\"lazy\" decoding=\"async\" class=\"alignnone size-full wp-image-7605\" src=\"http:\/\/www.hms-luebeck.de\/wp-content\/uploads\/2017\/12\/offnene-ganztagsschule.png\" alt=\"offnene-ganztagsschule\" width=\"352\" height=\"189\" srcset=\"https:\/\/www.hms-luebeck.de\/wp-content\/uploads\/2017\/12\/offnene-ganztagsschule.png 352w, https:\/\/www.hms-luebeck.de\/wp-content\/uploads\/2017\/12\/offnene-ganztagsschule-300x161.png 300w\" sizes=\"auto, (max-width: 352px) 100vw, 352px\" \/><\/p>\n<p>Unsere Schule ist eine Offene Ganztagsschule. Wir kooperieren\u00a0mit dem Verbund Sozialtherapeutischer Einrichtungen L\u00fcbeck e.V. und mit anderen Partnern, wie etwa mit dem Jugendfreizeitzentrum L\u00fcbeck Moisling. Wir folgen dabei\u00a0der Idee, dass Schule als Lebens- und Lernort mehr bieten muss als Unterricht: Unsere Ganztagsangebote am Nachmittag wollen Kinder und Jugendliche beim Lernen unterst\u00fctzen und Anleitung f\u00fcr die Gestaltung der Freizeit geben. Wir wollen zu mehr Bildungsgerechtigkeit beitragen und allen Eltern helfen, Familie und Beruf besser zu vereinbaren.<br \/>\nUnsere Ganztagsschule, der Sch\u00fclertreff, entwickelt sich st\u00e4ndig weiter. F\u00fcr die Grundschule, f\u00fcr die Klassenstufen 1-4, besteht schon lange ein Betreuungs- und Nachmittagsprogramm. Seit einiger Zeit entsteht f\u00fcr die Gemeinschaftsschule, f\u00fcr die Klassenstufen 5-8, ein Nachmittagsangebot.<br \/>\nDie Teilnahme ist am Ganztagsprogramm ist freiwillig. Wir w\u00fcnschen uns, dass m\u00f6glichst viele Sch\u00fclerinnen und Sch\u00fcler mitmachen.<br \/>\nUm die Entwicklung zu pushen,\u00a0auch, um die Standards und die Qualit\u00e4t zu sichern, haben wir uns mit anderen Schulen\u00a0Schleswig-Holsteins im Netzwerk LiGa (Lernen im Ganztag) zusammengeschlossen.<\/p>\n<p><a href=\"https:\/\/www.lernen-im-ganztag.de\/\" target=\"_blank\" rel=\"noopener\">https:\/\/www.lernen-im-ganztag.de\/<\/a>[\/vc_column_text][\/vc_column][\/vc_row][vc_row type=&#8221;grid&#8221; video_bg=&#8221;&#8221;][vc_column dp_animation=&#8221;&#8221;][vc_separator css=&#8221;.vc_custom_1515406246227{padding-top: 20px !important;padding-bottom: 20px !important;}&#8221;][\/vc_column][\/vc_row][vc_row type=&#8221;grid&#8221; video_bg=&#8221;&#8221;][vc_column dp_animation=&#8221;&#8221;]<div class=\"headline  \"><h3><span>Angebote f\u00fcr die Grundschule<\/span><\/h3><\/div>[vc_column_text dp_animation=&#8221;&#8221;]Der\u00a0Sch\u00fclertreff 1-4, der Ganztag der Grundschule, kann\u00a0t\u00e4glich besucht werden. Die Teilnahme ist freiwillig. Sie kostet Geld. Eltern, deren Kinder mitmachen wollen, m\u00fcssen mit dem Tr\u00e4ger, dem Verbund Sozialtherapeutischer Einrichtungen L\u00fcbeck e.V., einen Betreuungsvertrag abschlie\u00dfen. Hier sind die Betreuungstage pro Woche und die Kosten geregelt. Eltern, die ein geringes Einkommen haben, erhalten\u00a0einen Zuschuss (\u201eBildungsfonds L\u00fcbeck\u201c) und m\u00fcssen\u00a0einen nur geringen Beitrag zahlen.<\/p>\n<p><strong>Ganztagsprogramm 1-4:<\/strong><\/p>\n<ul>\n<li>Um\u00a007:15 Uhr: Start.\u00a0Fr\u00fchbetreuung m\u00f6glich.<\/li>\n<li>Ab 12:30 Uhr: Mittagessen (Mensa)<\/li>\n<li>Ab 12:30 Uhr: Lernzeit<\/li>\n<li>Ab 14:15 Uhr: Nachmittagsfreizeit (Tanzen, Gesellschaftsspiele, Fu\u00dfball, Kochen, Basteln, Kinderkonferenz, T\u00f6pfern, Fahrrad-Werkstatt&#8230;)<\/li>\n<li>Um 16:00 Uhr: Ende.<\/li>\n<\/ul>\n<p>Nach dem Unterricht gibt\u00a0es Mittagessen in der Mensa.\u00a0In der\u00a0Lernzeit k\u00f6nnen alle Hausaufgaben\u00a0bearbeiten oder Unterrichtsinhalte\u00a0vertiefen.\u00a0W\u00e4hrend der Nachmittagsfreizeit k\u00f6nnen unterschiedliche Angebote besucht werden.<\/p>\n<p>Ansprechpartnerin: Frau\u00a0Kitowski-Scheller<\/p>\n<p><a href=\"https:\/\/www.hms-luebeck.de\/wp-content\/uploads\/2018\/11\/OGS-2018-19-2001.jpg\">Programm 1-4, Schuljahr 2018\/2019<\/a><\/p>\n<p><a href=\"\/wp-content\/uploads\/2017\/12\/1-4_einleger_Heinrich-Mann-Schule_rueckseite.jpg\" target=\"_blank\" rel=\"noopener\">Programm 1-4, Schuljahr 2017\/2018<\/a>[\/vc_column_text][\/vc_column][\/vc_row][vc_row type=&#8221;grid&#8221; video_bg=&#8221;&#8221;][vc_column dp_animation=&#8221;&#8221;][vc_separator css=&#8221;.vc_custom_1515406246227{padding-top: 20px !important;padding-bottom: 20px !important;}&#8221;][\/vc_column][\/vc_row][vc_row type=&#8221;grid&#8221; video_bg=&#8221;&#8221;][vc_column dp_animation=&#8221;&#8221;]<div class=\"headline  \"><h3><span>Angebote f\u00fcr die Gemeinschaftsschule<\/span><\/h3><\/div>[vc_column_text dp_animation=&#8221;&#8221;]F\u00fcr die Klassenstufen\u00a05-8,\u00a0f\u00fcr die Gemeinschaftsschule, bieten wir auch ein Ganztagsangebot. Die Teilnahme\u00a0ist freiwillig. Sie ist \u2013 bis auf das Mittagessen \u2013 kostenfrei.<br \/>\nKinder und Jugendliche, die mitmachen wollen, m\u00fcssen\u00a0sich zu Beginn des Schuljahres\u00a0melden und sich\u00a0einw\u00e4hlen. Zust\u00e4ndig ist die HMS-Ganztagskoordinatorin.\u00a0Die Sch\u00fclerinnen\u00a0 und Sch\u00fcler\u00a0verpflichten sich, mindestens ein Schulhalbjahr teilzunehmen.Sie erhalten f\u00fcr den Besuch\u00a0des Angebots einen Teilnahme-Schein, der auf Wunsch dem Zeugnis zur Erg\u00e4nzung beigef\u00fcgt werden kann.<br \/>\nGanztagsangebote gibt es\u00a0an\u00a04 Tagen in der Woche.\u00a0Sie richten\u00a0sich besonders an die Kinder der 5. und 6. Klassen, die neu in der Gemeinschaftsschule sind.<\/p>\n<p><strong>Nachmittagsprogramm 5-8:<\/strong><\/p>\n<ul>\n<li>13:00\u00a0&#8211; 13:35 Uhr: Mittagessen (Mensa)<\/li>\n<li>13:35 &#8211; 15:05 Uhr: Offene Lernzeit<\/li>\n<li>13:35 &#8211; 15:05 Uhr: Lounge<\/li>\n<li>13:35 &#8211; 16:05 Uhr:\u00a0Arbeitsgemeinschaften mit unterschiedlicher Dauer und verschiedener Schlusszeit (Logik und Lego, Band, Selbstverteidigung, Jam mit Lasse,\u00a0Konfliktlotsen,\u00a0K\u00fcche, Schwimmen, M\u00e4dchen-Treff,\u00a0Trailer und Clips, Computerschule&#8230;)<\/li>\n<\/ul>\n<p>Ansprechpartnerin: Frau\u00a0Dr\u00fcnert<\/p>\n<p><a href=\"https:\/\/www.hms-luebeck.de\/wp-content\/uploads\/2018\/11\/OGS-2018-19-1001.jpg\">Programm 5-8, Schuljahr 2018\/2019<\/a><\/p>\n<p><a href=\"\/wp-content\/uploads\/2017\/12\/5-8_einleger_Heinrich-Mann-Schule_rueckseite.jpg\" target=\"_blank\" rel=\"noopener\">Programm 5-8, Schuljahr 2017\/2018<\/a>[\/vc_column_text][\/vc_column][\/vc_row][vc_row type=&#8221;grid&#8221; video_bg=&#8221;&#8221;][vc_column dp_animation=&#8221;&#8221;][vc_separator css=&#8221;.vc_custom_1515406246227{padding-top: 20px !important;padding-bottom: 20px !important;}&#8221;][\/vc_column][\/vc_row][vc_row type=&#8221;grid&#8221; video_bg=&#8221;&#8221;][vc_column dp_animation=&#8221;&#8221;]<div class=\"headline  \"><h3><span>Downloads<\/span><\/h3><\/div>[vc_column_text dp_animation=&#8221;&#8221;]<a href=\"\/wp-content\/uploads\/2017\/12\/Flyer_Schuelertreff_S1.jpg\" target=\"_blank\" rel=\"noopener\">Flyer Sch\u00fclertreff (Seite 1)<\/a><\/p>\n<p><a href=\"\/wp-content\/uploads\/2017\/12\/Flyer_Schuelertreff_S2.jpg\" target=\"_blank\" rel=\"noopener\">Flyer Sch\u00fclertreff (Seite 2)<\/a>[\/vc_column_text][\/vc_column][\/vc_row]<\/p>\n<\/div>","protected":false},"excerpt":{"rendered":"<p>[vc_row type=&#8221;grid&#8221; video_bg=&#8221;&#8221;][vc_column dp_animation=&#8221;&#8221;][vc_column_text dp_animation=&#8221;&#8221;]\u201eGanztagsschulen haben mehr Zeit f\u00fcr Bildung \u2013 und das Potenzial, Sch\u00fclerinnen und Sch\u00fcler individuell zu f\u00f6rdern, damit sie erfolgreich lernen.\u201c Unsere <p><a class=\"readon\" href=\"https:\/\/www.hms-luebeck.de\/pl\/oferty\/calodzienna-szkola\/\"><span>Mehr lesen<\/span><\/a><\/p><\/p>\n","protected":false},"author":10,"featured_media":0,"parent":9582,"menu_order":0,"comment_status":"closed","ping_status":"closed","template":"template.threequarterwidth.php","meta":{"footnotes":""},"class_list":["post-10136","page","type-page","status-publish","hentry"],"_links":{"self":[{"href":"https:\/\/www.hms-luebeck.de\/pl\/wp-json\/wp\/v2\/pages\/10136","targetHints":{"allow":["GET"]}}],"collection":[{"href":"https:\/\/www.hms-luebeck.de\/pl\/wp-json\/wp\/v2\/pages"}],"about":[{"href":"https:\/\/www.hms-luebeck.de\/pl\/wp-json\/wp\/v2\/types\/page"}],"author":[{"embeddable":true,"href":"https:\/\/www.hms-luebeck.de\/pl\/wp-json\/wp\/v2\/users\/10"}],"replies":[{"embeddable":true,"href":"https:\/\/www.hms-luebeck.de\/pl\/wp-json\/wp\/v2\/comments?post=10136"}],"version-history":[{"count":3,"href":"https:\/\/www.hms-luebeck.de\/pl\/wp-json\/wp\/v2\/pages\/10136\/revisions"}],"predecessor-version":[{"id":11017,"href":"https:\/\/www.hms-luebeck.de\/pl\/wp-json\/wp\/v2\/pages\/10136\/revisions\/11017"}],"up":[{"embeddable":true,"href":"https:\/\/www.hms-luebeck.de\/pl\/wp-json\/wp\/v2\/pages\/9582"}],"wp:attachment":[{"href":"https:\/\/www.hms-luebeck.de\/pl\/wp-json\/wp\/v2\/media?parent=10136"}],"curies":[{"name":"wp","href":"https:\/\/api.w.org\/{rel}","templated":true}]}}